{"id":1839,"date":"2012-11-22T08:31:13","date_gmt":"2012-11-22T07:31:13","guid":{"rendered":"https:\/\/www.visiterarles.com\/?page_id=1839"},"modified":"2024-03-27T09:37:14","modified_gmt":"2024-03-27T08:37:14","slug":"location-velo-arles-centre-gare-sncf","status":"publish","type":"page","link":"https:\/\/www.visiterarles.com\/en\/location-velo-arles-centre-gare-sncf\/","title":{"rendered":"Location v\u00e9lo Arles centre gare SNCF"},"content":{"rendered":"<div data-elementor-type=\"wp-page\" data-elementor-id=\"1839\" class=\"elementor elementor-1839\" data-elementor-post-type=\"page\">\n\t\t\t\t\t\t<section class=\"elementor-section elementor-top-section elementor-element elementor-element-0312030 elementor-section-boxed elementor-section-height-default elementor-section-height-default\" data-id=\"0312030\" data-element_type=\"section\">\n\t\t\t\t\t\t<div class=\"elementor-container elementor-column-gap-default\">\n\t\t\t\t\t<div class=\"elementor-column elementor-col-100 elementor-top-column elementor-element elementor-element-abdff92\" data-id=\"abdff92\" data-element_type=\"column\">\n\t\t\t<div class=\"elementor-widget-wrap elementor-element-populated\">\n\t\t\t\t\t\t<div class=\"elementor-element elementor-element-e4a5989 h1style elementor-invisible elementor-widget elementor-widget-heading\" data-id=\"e4a5989\" data-element_type=\"widget\" data-settings=\"{&quot;_animation&quot;:&quot;fadeInUp&quot;}\" data-widget_type=\"heading.default\">\n\t\t\t\t<div class=\"elementor-widget-container\">\n\t\t\t<h2 class=\"elementor-heading-title elementor-size-default\">Bicycle rental<\/h2>\t\t<\/div>\n\t\t\t\t<\/div>\n\t\t\t\t<div class=\"elementor-element elementor-element-30d4485 elementor-widget elementor-widget-html\" data-id=\"30d4485\" data-element_type=\"widget\" data-widget_type=\"html.default\">\n\t\t\t\t<div class=\"elementor-widget-container\">\n\t\t\t<div style=\"position: fixed;  bottom: 50px;  right: 0.5rem;  width: 30%;  max-width: 200px;  min-width: 175px;  z-index: 200000;  background-color: white;  border-radius: 10px;  box-shadow: 0px 0px 30px rgba(48, 35, 173, 0.15);  padding: 10px 10px;  text-align: center;   line-height: 24px;  display: flex;  justify-content: space-between;  flex-direction: column;  font-family: 'Rubik', 'Helvetica', 'sans-serif'\"\r\n>\r\n  <span style=\"color: #8D8AAB;  font-weight: 500;  border-bottom: 1px solid #E9E7FA;  padding-bottom: 6px;font-size: 16px\"> RESERVEZ EN LIGNE <\/span>\r\n  <a style=\"width: 100%;  padding: 9px 0px;  border-radius: 5px;  box-shadow: rgba(48, 35, 173, 0.13) 2px 2px 6px 0px;\tbackground-color: #3023ad;  border: none;  overflow: hidden;  text-decoration: none;  color: white;  font-weight: 500;  line-height: 20px;  font-size: 16px;\"href=\"https:\/\/tacoandco.lokki.rent\/\" target=\"_blank\">\r\n   Location de V\u00e9los\r\n  <\/a>\r\n<\/div>\t\t<\/div>\n\t\t\t\t<\/div>\n\t\t\t\t\t<\/div>\n\t\t<\/div>\n\t\t\t\t\t<\/div>\n\t\t<\/section>\n\t\t\t\t<section class=\"elementor-section elementor-top-section elementor-element elementor-element-d6cffe4 elementor-section-boxed elementor-section-height-default elementor-section-height-default\" data-id=\"d6cffe4\" data-element_type=\"section\">\n\t\t\t\t\t\t<div class=\"elementor-container elementor-column-gap-default\">\n\t\t\t\t\t<div class=\"elementor-column elementor-col-100 elementor-top-column elementor-element elementor-element-59f2c2e\" data-id=\"59f2c2e\" data-element_type=\"column\">\n\t\t\t<div class=\"elementor-widget-wrap elementor-element-populated\">\n\t\t\t\t\t\t<div class=\"elementor-element elementor-element-ff17f98 elementor-widget elementor-widget-video\" data-id=\"ff17f98\" data-element_type=\"widget\" data-settings=\"{&quot;youtube_url&quot;:&quot;https:\\\/\\\/youtu.be\\\/STATf3RAfNQ&quot;,&quot;video_type&quot;:&quot;youtube&quot;,&quot;controls&quot;:&quot;yes&quot;}\" data-widget_type=\"video.default\">\n\t\t\t\t<div class=\"elementor-widget-container\">\n\t\t\t\t\t<div class=\"elementor-wrapper elementor-open-inline\">\n\t\t\t<div class=\"elementor-video\"><\/div>\t\t<\/div>\n\t\t\t\t<\/div>\n\t\t\t\t<\/div>\n\t\t\t\t\t<\/div>\n\t\t<\/div>\n\t\t\t\t\t<\/div>\n\t\t<\/section>\n\t\t\t\t<section class=\"elementor-section elementor-top-section elementor-element elementor-element-5f366076 elementor-section-boxed elementor-section-height-default elementor-section-height-default\" data-id=\"5f366076\" data-element_type=\"section\">\n\t\t\t\t\t\t<div class=\"elementor-container elementor-column-gap-default\">\n\t\t\t\t\t<div class=\"elementor-column elementor-col-100 elementor-top-column elementor-element elementor-element-970d736\" data-id=\"970d736\" data-element_type=\"column\">\n\t\t\t<div class=\"elementor-widget-wrap elementor-element-populated\">\n\t\t\t\t\t\t<div class=\"elementor-element elementor-element-38489f0 elementor-arrows-position-outside elementor-pagination-position-outside elementor-widget elementor-widget-image-carousel\" data-id=\"38489f0\" data-element_type=\"widget\" data-settings=\"{&quot;slides_to_show&quot;:&quot;1&quot;,&quot;navigation&quot;:&quot;both&quot;,&quot;autoplay&quot;:&quot;yes&quot;,&quot;pause_on_hover&quot;:&quot;yes&quot;,&quot;pause_on_interaction&quot;:&quot;yes&quot;,&quot;autoplay_speed&quot;:5000,&quot;infinite&quot;:&quot;yes&quot;,&quot;effect&quot;:&quot;slide&quot;,&quot;speed&quot;:500}\" data-widget_type=\"image-carousel.default\">\n\t\t\t\t<div class=\"elementor-widget-container\">\n\t\t\t\t\t<div class=\"elementor-image-carousel-wrapper swiper\" dir=\"ltr\">\n\t\t\t<div class=\"elementor-image-carousel swiper-wrapper\" aria-live=\"off\">\n\t\t\t\t\t\t\t\t<div class=\"swiper-slide\" role=\"group\" aria-roledescription=\"slide\" aria-label=\"1 of 10\"><figure class=\"swiper-slide-inner\"><img decoding=\"async\" class=\"swiper-slide-image\" src=\"https:\/\/www.visiterarles.com\/wp-content\/uploads\/2021\/05\/location-velo-arles-2.jpg\" alt=\"location v\u00e9lo arles (2)\" \/><\/figure><\/div><div class=\"swiper-slide\" role=\"group\" aria-roledescription=\"slide\" aria-label=\"2 of 10\"><figure class=\"swiper-slide-inner\"><img decoding=\"async\" class=\"swiper-slide-image\" src=\"https:\/\/www.visiterarles.com\/wp-content\/uploads\/2021\/05\/location-velo-arles-1.jpg\" alt=\"location v\u00e9lo arles (1)\" \/><\/figure><\/div><div class=\"swiper-slide\" role=\"group\" aria-roledescription=\"slide\" aria-label=\"3 of 10\"><figure class=\"swiper-slide-inner\"><img decoding=\"async\" class=\"swiper-slide-image\" src=\"https:\/\/www.visiterarles.com\/wp-content\/uploads\/2021\/03\/Nouveaux-velo-1.jpg\" alt=\"Nouveaux v\u00e9lo (1)\" \/><\/figure><\/div><div class=\"swiper-slide\" role=\"group\" aria-roledescription=\"slide\" aria-label=\"4 of 10\"><figure class=\"swiper-slide-inner\"><img decoding=\"async\" class=\"swiper-slide-image\" src=\"https:\/\/www.visiterarles.com\/wp-content\/uploads\/2021\/03\/Nouveaux-velo-2.jpg\" alt=\"Nouveaux v\u00e9lo (2)\" \/><\/figure><\/div><div class=\"swiper-slide\" role=\"group\" aria-roledescription=\"slide\" aria-label=\"5 of 10\"><figure class=\"swiper-slide-inner\"><img decoding=\"async\" class=\"swiper-slide-image\" src=\"https:\/\/www.visiterarles.com\/wp-content\/uploads\/2021\/03\/Nouveaux-velos-1.jpg\" alt=\"Nouveaux v\u00e9los (1)\" \/><\/figure><\/div><div class=\"swiper-slide\" role=\"group\" aria-roledescription=\"slide\" aria-label=\"6 of 10\"><figure class=\"swiper-slide-inner\"><img decoding=\"async\" class=\"swiper-slide-image\" src=\"https:\/\/www.visiterarles.com\/wp-content\/uploads\/2021\/03\/Nouveaux-velos-2.jpg\" alt=\"Nouveaux v\u00e9los (2)\" \/><\/figure><\/div><div class=\"swiper-slide\" role=\"group\" aria-roledescription=\"slide\" aria-label=\"7 of 10\"><figure class=\"swiper-slide-inner\"><img decoding=\"async\" class=\"swiper-slide-image\" src=\"https:\/\/www.visiterarles.com\/wp-content\/uploads\/2021\/03\/Nouveaux-velos-4.jpg\" alt=\"Nouveaux v\u00e9los (4)\" \/><\/figure><\/div><div class=\"swiper-slide\" role=\"group\" aria-roledescription=\"slide\" aria-label=\"8 of 10\"><figure class=\"swiper-slide-inner\"><img decoding=\"async\" class=\"swiper-slide-image\" src=\"https:\/\/www.visiterarles.com\/wp-content\/uploads\/2021\/03\/Nouveaux-velos-5.jpg\" alt=\"Nouveaux v\u00e9los (5)\" \/><\/figure><\/div><div class=\"swiper-slide\" role=\"group\" aria-roledescription=\"slide\" aria-label=\"9 of 10\"><figure class=\"swiper-slide-inner\"><img decoding=\"async\" class=\"swiper-slide-image\" src=\"https:\/\/www.visiterarles.com\/wp-content\/uploads\/2021\/03\/Nouveaux-velos-6.jpg\" alt=\"Nouveaux v\u00e9los (6)\" \/><\/figure><\/div><div class=\"swiper-slide\" role=\"group\" aria-roledescription=\"slide\" aria-label=\"10 of 10\"><figure class=\"swiper-slide-inner\"><img decoding=\"async\" class=\"swiper-slide-image\" src=\"https:\/\/www.visiterarles.com\/wp-content\/uploads\/2021\/03\/Accessoires-velo.jpg\" alt=\"Accessoires v\u00e9lo\" \/><\/figure><\/div>\t\t\t<\/div>\n\t\t\t\t\t\t\t\t\t\t\t\t<div class=\"elementor-swiper-button elementor-swiper-button-prev\" role=\"button\" tabindex=\"0\">\n\t\t\t\t\t\t<i aria-hidden=\"true\" class=\"eicon-chevron-left\"><\/i>\t\t\t\t\t<\/div>\n\t\t\t\t\t<div class=\"elementor-swiper-button elementor-swiper-button-next\" role=\"button\" tabindex=\"0\">\n\t\t\t\t\t\t<i aria-hidden=\"true\" class=\"eicon-chevron-right\"><\/i>\t\t\t\t\t<\/div>\n\t\t\t\t\n\t\t\t\t\t\t\t\t\t<div class=\"swiper-pagination\"><\/div>\n\t\t\t\t\t\t\t\t\t<\/div>\n\t\t\t\t<\/div>\n\t\t\t\t<\/div>\n\t\t\t\t<section class=\"elementor-section elementor-inner-section elementor-element elementor-element-5cfd5e8 elementor-section-boxed elementor-section-height-default elementor-section-height-default\" data-id=\"5cfd5e8\" data-element_type=\"section\">\n\t\t\t\t\t\t<div class=\"elementor-container elementor-column-gap-default\">\n\t\t\t\t\t<div class=\"elementor-column elementor-col-100 elementor-inner-column elementor-element elementor-element-05de8dd\" data-id=\"05de8dd\" data-element_type=\"column\">\n\t\t\t<div class=\"elementor-widget-wrap elementor-element-populated\">\n\t\t\t\t\t\t<div class=\"elementor-element elementor-element-48a6958f elementor-widget elementor-widget-text-editor\" data-id=\"48a6958f\" data-element_type=\"widget\" data-widget_type=\"text-editor.default\">\n\t\t\t\t<div class=\"elementor-widget-container\">\n\t\t\t\t\t\t\t<p>Vous avez envie d\u2019autonomie et de\u00a0d\u00e9couvrir les splendeurs de la ville d\u2019Arles\u00a0? Que diriez-vous de\u00a0louer un v\u00e9lo\u00a0et de faire un peu de tourisme en toute libert\u00e9. Nous saurons vous confier le mat\u00e9riel ad\u00e9quat.<br \/>D\u00e8s votre arriv\u00e9e en gare SNCF d\u2019Arles,\u00a0venez louer votre VTT, v\u00e9lo de ville, v\u00e9lo vintage\u00a0ou encore votre v\u00e9lo \u00e0 assistance \u00e9lectrique, une solution id\u00e9ale pour d\u00e9couvrir tous les recoins de la ville.<br \/>Taco and Co vous propose une large gamme de v\u00e9los \u00e0 louer (enfants, adultes, si\u00e8ge b\u00e9b\u00e9) pour un apr\u00e8s-midi, une journ\u00e9e ou une semaine.<br \/>Du Pont Van Gogh au Mus\u00e9e de l\u2019Arles Antique en passant par les quais du Rh\u00f4ne, les rues pi\u00e9tonnes et la Camargue,\u00a0d\u00e9couvrez Arles et ses alentours \u00e0 votre rythme\u00a0gr\u00e2ce\u00a0\u00e0 nos v\u00e9los de location. De tr\u00e8s belles\u00a0balades \u00e0 v\u00e9lo sur Arles\u00a0et ses alentours vous tendent les bras.<\/p>\t\t\t\t\t\t<\/div>\n\t\t\t\t<\/div>\n\t\t\t\t<div class=\"elementor-element elementor-element-02ff324 elementor-widget elementor-widget-text-editor\" data-id=\"02ff324\" data-element_type=\"widget\" data-widget_type=\"text-editor.default\">\n\t\t\t\t<div class=\"elementor-widget-container\">\n\t\t\t\t\t\t\t<p><span style=\"text-decoration: underline;\"><strong>Options possibles:<\/strong><\/span> livraison ou r\u00e9cup\u00e9ration des v\u00e9los en Camargue (Saintes-Maries, Salin de Giraud&#8230;) ou dans les Alpilles (Les Baux de Provence&#8230;) : de 1 \u00e0 10 v\u00e9los maximum ou 7 personnes et 7 v\u00e9los maximum .<\/p><p><a href=\"https:\/\/www.visiterarles.com\/en\/infos-pratiques\/\">Infos et devis: nous contacter<\/a><\/p>\t\t\t\t\t\t<\/div>\n\t\t\t\t<\/div>\n\t\t\t\t\t<\/div>\n\t\t<\/div>\n\t\t\t\t\t<\/div>\n\t\t<\/section>\n\t\t\t\t<section class=\"elementor-section elementor-inner-section elementor-element elementor-element-1a0a158 elementor-section-boxed elementor-section-height-default elementor-section-height-default\" data-id=\"1a0a158\" data-element_type=\"section\">\n\t\t\t\t\t\t<div class=\"elementor-container elementor-column-gap-default\">\n\t\t\t\t\t<div class=\"elementor-column elementor-col-50 elementor-inner-column elementor-element elementor-element-4a3ff8e\" data-id=\"4a3ff8e\" data-element_type=\"column\">\n\t\t\t<div class=\"elementor-widget-wrap elementor-element-populated\">\n\t\t\t\t\t\t<div class=\"elementor-element elementor-element-d55963b elementor-align-center elementor-widget elementor-widget-button\" data-id=\"d55963b\" data-element_type=\"widget\" data-widget_type=\"button.default\">\n\t\t\t\t<div class=\"elementor-widget-container\">\n\t\t\t\t\t<div class=\"elementor-button-wrapper\">\n\t\t\t<a class=\"elementor-button elementor-button-link elementor-size-sm\" href=\"https:\/\/tacoandco.lokki.rent\/fr\" target=\"_blank\" rel=\"nofollow\">\n\t\t\t\t\t\t<span class=\"elementor-button-content-wrapper\">\n\t\t\t\t\t\t<span class=\"elementor-button-icon elementor-align-icon-right\">\n\t\t\t\t<i aria-hidden=\"true\" class=\"far fa-arrow-alt-circle-right\"><\/i>\t\t\t<\/span>\n\t\t\t\t\t\t<span class=\"elementor-button-text\">Check out our rates<\/span>\n\t\t<\/span>\n\t\t\t\t\t<\/a>\n\t\t<\/div>\n\t\t\t\t<\/div>\n\t\t\t\t<\/div>\n\t\t\t\t\t<\/div>\n\t\t<\/div>\n\t\t\t\t<div class=\"elementor-column elementor-col-50 elementor-inner-column elementor-element elementor-element-74bce03\" data-id=\"74bce03\" data-element_type=\"column\">\n\t\t\t<div class=\"elementor-widget-wrap elementor-element-populated\">\n\t\t\t\t\t\t<div class=\"elementor-element elementor-element-c8cc30b elementor-align-center elementor-widget elementor-widget-button\" data-id=\"c8cc30b\" data-element_type=\"widget\" id=\"balades\" data-widget_type=\"button.default\">\n\t\t\t\t<div class=\"elementor-widget-container\">\n\t\t\t\t\t<div class=\"elementor-button-wrapper\">\n\t\t\t<a class=\"elementor-button elementor-button-link elementor-size-sm\" href=\"#\" id=\"locationvelo\">\n\t\t\t\t\t\t<span class=\"elementor-button-content-wrapper\">\n\t\t\t\t\t\t<span class=\"elementor-button-icon elementor-align-icon-right\">\n\t\t\t\t<i aria-hidden=\"true\" class=\"far fa-arrow-alt-circle-right\"><\/i>\t\t\t<\/span>\n\t\t\t\t\t\t<span class=\"elementor-button-text\">Check out our bike rides<\/span>\n\t\t<\/span>\n\t\t\t\t\t<\/a>\n\t\t<\/div>\n\t\t\t\t<\/div>\n\t\t\t\t<\/div>\n\t\t\t\t\t<\/div>\n\t\t<\/div>\n\t\t\t\t\t<\/div>\n\t\t<\/section>\n\t\t\t\t\t<\/div>\n\t\t<\/div>\n\t\t\t\t\t<\/div>\n\t\t<\/section>\n\t\t\t\t<\/div>","protected":false},"excerpt":{"rendered":"<p>Location de v\u00e9los RESERVEZ EN LIGNE Location de V\u00e9los Vous avez envie d\u2019autonomie et de\u00a0d\u00e9couvrir les splendeurs de la ville d\u2019Arles\u00a0? Que diriez-vous de\u00a0louer un v\u00e9lo\u00a0et de faire un peu de tourisme en toute libert\u00e9. Nous saurons vous confier le mat\u00e9riel ad\u00e9quat.D\u00e8s votre arriv\u00e9e en gare SNCF d\u2019Arles,\u00a0venez louer votre VTT, v\u00e9lo de ville, v\u00e9lo [&hellip;]<\/p>","protected":false},"author":1,"featured_media":0,"parent":0,"menu_order":0,"comment_status":"closed","ping_status":"closed","template":"elementor_header_footer","meta":{"footnotes":""},"aioseo_notices":[],"yoast_head":"<!-- This site is optimized with the Yoast SEO plugin v22.3 - https:\/\/yoast.com\/wordpress\/plugins\/seo\/ -->\n<title>Location v\u00e9lo Arles centre gare SNCF - Visiter Arles<\/title>\n<meta name=\"robots\" content=\"index, follow, max-snippet:-1, max-image-preview:large, max-video-preview:-1\" \/>\n<link rel=\"canonical\" href=\"https:\/\/www.visiterarles.com\/en\/location-velo-arles-centre-gare-sncf\/\" \/>\n<meta name=\"twitter:label1\" content=\"Estimated reading time\" \/>\n\t<meta name=\"twitter:data1\" content=\"4 minutes\" \/>\n<script type=\"application\/ld+json\" class=\"yoast-schema-graph\">{\"@context\":\"https:\/\/schema.org\",\"@graph\":[{\"@type\":\"WebPage\",\"@id\":\"https:\/\/www.visiterarles.com\/location-velo-arles-centre-gare-sncf\/\",\"url\":\"https:\/\/www.visiterarles.com\/location-velo-arles-centre-gare-sncf\/\",\"name\":\"Location v\u00e9lo Arles centre gare SNCF - Visiter Arles\",\"isPartOf\":{\"@id\":\"https:\/\/www.visiterarles.com\/en\/#website\"},\"primaryImageOfPage\":{\"@id\":\"https:\/\/www.visiterarles.com\/location-velo-arles-centre-gare-sncf\/#primaryimage\"},\"image\":{\"@id\":\"https:\/\/www.visiterarles.com\/location-velo-arles-centre-gare-sncf\/#primaryimage\"},\"thumbnailUrl\":\"https:\/\/www.visiterarles.com\/wp-content\/uploads\/2021\/05\/location-velo-arles-2.jpg\",\"datePublished\":\"2012-11-22T07:31:13+00:00\",\"dateModified\":\"2024-03-27T08:37:14+00:00\",\"breadcrumb\":{\"@id\":\"https:\/\/www.visiterarles.com\/location-velo-arles-centre-gare-sncf\/#breadcrumb\"},\"inLanguage\":\"en-GB\",\"potentialAction\":[{\"@type\":\"ReadAction\",\"target\":[\"https:\/\/www.visiterarles.com\/location-velo-arles-centre-gare-sncf\/\"]}]},{\"@type\":\"ImageObject\",\"inLanguage\":\"en-GB\",\"@id\":\"https:\/\/www.visiterarles.com\/location-velo-arles-centre-gare-sncf\/#primaryimage\",\"url\":\"https:\/\/www.visiterarles.com\/wp-content\/uploads\/2021\/05\/location-velo-arles-2.jpg\",\"contentUrl\":\"https:\/\/www.visiterarles.com\/wp-content\/uploads\/2021\/05\/location-velo-arles-2.jpg\",\"width\":1080,\"height\":720},{\"@type\":\"BreadcrumbList\",\"@id\":\"https:\/\/www.visiterarles.com\/location-velo-arles-centre-gare-sncf\/#breadcrumb\",\"itemListElement\":[{\"@type\":\"ListItem\",\"position\":1,\"name\":\"Home\",\"item\":\"https:\/\/www.visiterarles.com\/\"},{\"@type\":\"ListItem\",\"position\":2,\"name\":\"Location v\u00e9lo Arles centre gare SNCF\"}]},{\"@type\":\"WebSite\",\"@id\":\"https:\/\/www.visiterarles.com\/en\/#website\",\"url\":\"https:\/\/www.visiterarles.com\/en\/\",\"name\":\"Visiter Arles\",\"description\":\"Tourisme en Provence \u00e0 Arles\",\"publisher\":{\"@id\":\"https:\/\/www.visiterarles.com\/en\/#organization\"},\"potentialAction\":[{\"@type\":\"SearchAction\",\"target\":{\"@type\":\"EntryPoint\",\"urlTemplate\":\"https:\/\/www.visiterarles.com\/en\/?s={search_term_string}\"},\"query-input\":\"required name=search_term_string\"}],\"inLanguage\":\"en-GB\"},{\"@type\":\"Organization\",\"@id\":\"https:\/\/www.visiterarles.com\/en\/#organization\",\"name\":\"Visiter Arles\",\"url\":\"https:\/\/www.visiterarles.com\/en\/\",\"logo\":{\"@type\":\"ImageObject\",\"inLanguage\":\"en-GB\",\"@id\":\"https:\/\/www.visiterarles.com\/en\/#\/schema\/logo\/image\/\",\"url\":\"https:\/\/www.visiterarles.com\/wp-content\/uploads\/2017\/10\/taco-and-co-1-1.jpg\",\"contentUrl\":\"https:\/\/www.visiterarles.com\/wp-content\/uploads\/2017\/10\/taco-and-co-1-1.jpg\",\"width\":124,\"height\":73,\"caption\":\"Visiter Arles\"},\"image\":{\"@id\":\"https:\/\/www.visiterarles.com\/en\/#\/schema\/logo\/image\/\"}}]}<\/script>\n<!-- \/ Yoast SEO plugin. -->","yoast_head_json":{"title":"Location v\u00e9lo Arles centre gare SNCF - Visiter Arles","robots":{"index":"index","follow":"follow","max-snippet":"max-snippet:-1","max-image-preview":"max-image-preview:large","max-video-preview":"max-video-preview:-1"},"canonical":"https:\/\/www.visiterarles.com\/en\/location-velo-arles-centre-gare-sncf\/","twitter_misc":{"Estimated reading time":"4 minutes"},"schema":{"@context":"https:\/\/schema.org","@graph":[{"@type":"WebPage","@id":"https:\/\/www.visiterarles.com\/location-velo-arles-centre-gare-sncf\/","url":"https:\/\/www.visiterarles.com\/location-velo-arles-centre-gare-sncf\/","name":"Location v\u00e9lo Arles centre gare SNCF - Visiter Arles","isPartOf":{"@id":"https:\/\/www.visiterarles.com\/en\/#website"},"primaryImageOfPage":{"@id":"https:\/\/www.visiterarles.com\/location-velo-arles-centre-gare-sncf\/#primaryimage"},"image":{"@id":"https:\/\/www.visiterarles.com\/location-velo-arles-centre-gare-sncf\/#primaryimage"},"thumbnailUrl":"https:\/\/www.visiterarles.com\/wp-content\/uploads\/2021\/05\/location-velo-arles-2.jpg","datePublished":"2012-11-22T07:31:13+00:00","dateModified":"2024-03-27T08:37:14+00:00","breadcrumb":{"@id":"https:\/\/www.visiterarles.com\/location-velo-arles-centre-gare-sncf\/#breadcrumb"},"inLanguage":"en-GB","potentialAction":[{"@type":"ReadAction","target":["https:\/\/www.visiterarles.com\/location-velo-arles-centre-gare-sncf\/"]}]},{"@type":"ImageObject","inLanguage":"en-GB","@id":"https:\/\/www.visiterarles.com\/location-velo-arles-centre-gare-sncf\/#primaryimage","url":"https:\/\/www.visiterarles.com\/wp-content\/uploads\/2021\/05\/location-velo-arles-2.jpg","contentUrl":"https:\/\/www.visiterarles.com\/wp-content\/uploads\/2021\/05\/location-velo-arles-2.jpg","width":1080,"height":720},{"@type":"BreadcrumbList","@id":"https:\/\/www.visiterarles.com\/location-velo-arles-centre-gare-sncf\/#breadcrumb","itemListElement":[{"@type":"ListItem","position":1,"name":"Home","item":"https:\/\/www.visiterarles.com\/"},{"@type":"ListItem","position":2,"name":"Location v\u00e9lo Arles centre gare SNCF"}]},{"@type":"WebSite","@id":"https:\/\/www.visiterarles.com\/en\/#website","url":"https:\/\/www.visiterarles.com\/en\/","name":"Visiter Arles","description":"Tourisme en Provence \u00e0 Arles","publisher":{"@id":"https:\/\/www.visiterarles.com\/en\/#organization"},"potentialAction":[{"@type":"SearchAction","target":{"@type":"EntryPoint","urlTemplate":"https:\/\/www.visiterarles.com\/en\/?s={search_term_string}"},"query-input":"required name=search_term_string"}],"inLanguage":"en-GB"},{"@type":"Organization","@id":"https:\/\/www.visiterarles.com\/en\/#organization","name":"Visiter Arles","url":"https:\/\/www.visiterarles.com\/en\/","logo":{"@type":"ImageObject","inLanguage":"en-GB","@id":"https:\/\/www.visiterarles.com\/en\/#\/schema\/logo\/image\/","url":"https:\/\/www.visiterarles.com\/wp-content\/uploads\/2017\/10\/taco-and-co-1-1.jpg","contentUrl":"https:\/\/www.visiterarles.com\/wp-content\/uploads\/2017\/10\/taco-and-co-1-1.jpg","width":124,"height":73,"caption":"Visiter Arles"},"image":{"@id":"https:\/\/www.visiterarles.com\/en\/#\/schema\/logo\/image\/"}}]}},"_links":{"self":[{"href":"https:\/\/www.visiterarles.com\/en\/wp-json\/wp\/v2\/pages\/1839"}],"collection":[{"href":"https:\/\/www.visiterarles.com\/en\/wp-json\/wp\/v2\/pages"}],"about":[{"href":"https:\/\/www.visiterarles.com\/en\/wp-json\/wp\/v2\/types\/page"}],"author":[{"embeddable":true,"href":"https:\/\/www.visiterarles.com\/en\/wp-json\/wp\/v2\/users\/1"}],"replies":[{"embeddable":true,"href":"https:\/\/www.visiterarles.com\/en\/wp-json\/wp\/v2\/comments?post=1839"}],"version-history":[{"count":122,"href":"https:\/\/www.visiterarles.com\/en\/wp-json\/wp\/v2\/pages\/1839\/revisions"}],"predecessor-version":[{"id":29928,"href":"https:\/\/www.visiterarles.com\/en\/wp-json\/wp\/v2\/pages\/1839\/revisions\/29928"}],"wp:attachment":[{"href":"https:\/\/www.visiterarles.com\/en\/wp-json\/wp\/v2\/media?parent=1839"}],"curies":[{"name":"wp","href":"https:\/\/api.w.org\/{rel}","templated":true}]}}